{"id":2,"date":"2024-01-21T15:58:58","date_gmt":"2024-01-21T15:58:58","guid":{"rendered":"https:\/\/brettern.org\/wordpress\/?page_id=2"},"modified":"2026-02-06T14:04:20","modified_gmt":"2026-02-06T14:04:20","slug":"verein","status":"publish","type":"page","link":"https:\/\/brettern.org\/wordpress\/verein\/","title":{"rendered":"Brettern"},"content":{"rendered":"\n<div class=\"wp-block-cover alignfull wp-duotone-rgb000-rgb218250142-1\" style=\"margin-top:0;padding-top:50px;padding-right:50px;padding-bottom:50px;padding-left:50px;min-height:66vh;aspect-ratio:unset;\"><img loading=\"lazy\" decoding=\"async\" width=\"1024\" height=\"683\" class=\"wp-block-cover__image-background wp-image-355 size-large\" alt=\"\" src=\"https:\/\/brettern.org\/wordpress\/wp-content\/uploads\/2025\/04\/MG_7499-1024x683.jpg\" style=\"object-position:24% 56%\" data-object-fit=\"cover\" data-object-position=\"24% 56%\" srcset=\"https:\/\/brettern.org\/wordpress\/wp-content\/uploads\/2025\/04\/MG_7499-1024x683.jpg 1024w, https:\/\/brettern.org\/wordpress\/wp-content\/uploads\/2025\/04\/MG_7499-300x200.jpg 300w, https:\/\/brettern.org\/wordpress\/wp-content\/uploads\/2025\/04\/MG_7499-768x512.jpg 768w, https:\/\/brettern.org\/wordpress\/wp-content\/uploads\/2025\/04\/MG_7499-1536x1024.jpg 1536w, https:\/\/brettern.org\/wordpress\/wp-content\/uploads\/2025\/04\/MG_7499-2048x1365.jpg 2048w\" sizes=\"auto, (max-width: 1024px) 100vw, 1024px\" \/><span aria-hidden=\"true\" class=\"wp-block-cover__background has-background-dim-40 has-background-dim\"><\/span><div class=\"wp-block-cover__inner-container is-layout-flow wp-block-cover-is-layout-flow\">\n<div class=\"wp-block-columns is-layout-flex wp-container-core-columns-is-layout-28f84493 wp-block-columns-is-layout-flex\">\n<div class=\"wp-block-column is-layout-flow wp-block-column-is-layout-flow\" style=\"flex-basis:66%\">\n<h2 class=\"wp-block-heading has-text-align-left is-style-default has-white-color has-text-color has-barlow-condensed-font-family\" style=\"font-size:clamp(2.629em, 2.629rem + ((1vw - 0.2em) * 3.719), 5em);font-style:normal;font-weight:500;letter-spacing:0px;line-height:1;text-transform:uppercase\">Community!<\/h2>\n\n\n\n<p class=\"has-text-align-left is-style-default has-base-color has-text-color has-link-color has-large-font-size wp-elements-84f154e54a81c4ff11ae9ab6034ca065\"><em>Brettern \u2013 Skaten und Mukke aus Weimar e. V.<\/em> ist ein 2021 gegr\u00fcndeter gemeinn\u00fctziger Verein. Wir verstehen einen gro\u00dfen Teil unserer Arbeit darin, Angebote in der \u00d6ffentlichkeit zu schaffen, die zu einer positiven und inklusiven Gesellschaft beitragen. Wir versp\u00fcren eine starke Verantwortung darin, uns f\u00fcr ein tolerantes Miteinander aller (Sub-) Kulturen und Akteur*innen in unserer Stadt Weimar einzusetzen.<\/p>\n<\/div>\n<\/div>\n<\/div><\/div>\n\n\n\n<div class=\"wp-block-group has-global-padding is-layout-constrained wp-block-group-is-layout-constrained\">\n<p>Mit unseren Veranstaltungen m\u00f6chten wir den Menschen in Weimar zeigen, dass Subkulturen kein St\u00f6rfaktor sind, sondern eine kulturelle Bereicherung. Unsere Angebote sind ein facettenreicher und nicht-institutioneller Ort&nbsp; f\u00fcr ein gelebtes, tolerantes Miteinander und Partizipation. Diese Werte tragen wir mit unserem ehrenamtlichen Engagement in den \u00f6ffentlichen Raum. Zu den Aktivit\u00e4ten des Vereins geh\u00f6ren zum Beispiel:<\/p>\n\n\n\n<ul style=\"border-bottom-style:none;border-bottom-width:0px\" class=\"wp-block-list is-style-default has-large-font-size\">\n<li>Planung und Durchf\u00fchrung niedrigschwelliger Veranstaltungen im \u00f6ffentlichen Raum<\/li>\n\n\n\n<li>Verbesserung von Freizeitangeboten in den Bereichen Rollsport und Musik in Weimar und Umgebung<\/li>\n\n\n\n<li>Szenen\u00fcbergreifende Vernetzung\/Vermittlung von Ansprechpersonen (Sub)kultureller Gruppen in Weimar und Umgebung<\/li>\n\n\n\n<li>Zusammenarbeit mit \u00f6ffentlichen K\u00f6rperschaften\/Vermittlungsposition zwischen der Weimarer Rollsportszene und \u00f6ffentlichen Stellen<\/li>\n\n\n\n<li>Bildungsarbeit, Planung und Durchf\u00fchrung sozialp\u00e4dagogischer, interkultureller Projekte und Austauschformate (Workshops)<\/li>\n<\/ul>\n\n\n\n<hr class=\"wp-block-separator has-text-color has-contrast-color has-alpha-channel-opacity has-contrast-background-color has-background is-style-wide is-style-wide--2\" style=\"margin-top:var(--wp--preset--spacing--30);margin-bottom:var(--wp--preset--spacing--30)\"\/>\n\n\n\n<p>Zu unseren bisherigen Kooperationspartner*innen geh\u00f6ren zum Beispiel:<\/p>\n\n\n\n<div class=\"wp-block-buttons is-horizontal is-content-justification-left is-layout-flex wp-container-core-buttons-is-layout-c4719c80 wp-block-buttons-is-layout-flex\" style=\"border-style:none;border-width:0px;border-radius:0px\">\n<div class=\"wp-block-button\"><a class=\"wp-block-button__link has-contrast-color has-base-background-color has-text-color has-background has-link-color has-medium-font-size has-custom-font-size wp-element-button\" href=\"https:\/\/teamjugendarbeit.de\/\" style=\"border-width:4px;border-radius:0px;padding-top:var(--wp--preset--spacing--20);padding-right:var(--wp--preset--spacing--20);padding-bottom:var(--wp--preset--spacing--20);padding-left:var(--wp--preset--spacing--20);font-style:normal;font-weight:400\" target=\"_blank\" rel=\"noreferrer noopener\">Team Jugenddarbeit Weimar e.V.<\/a><\/div>\n\n\n\n<div class=\"wp-block-button\"><a class=\"wp-block-button__link has-contrast-color has-base-background-color has-text-color has-background has-link-color has-medium-font-size has-custom-font-size wp-element-button\" style=\"border-width:4px;border-radius:0px;padding-top:var(--wp--preset--spacing--20);padding-right:var(--wp--preset--spacing--20);padding-bottom:var(--wp--preset--spacing--20);padding-left:var(--wp--preset--spacing--20);font-style:normal;font-weight:400\">Bautzen rollt e.V.<\/a><\/div>\n\n\n\n<div class=\"wp-block-button\"><a class=\"wp-block-button__link has-contrast-color has-base-background-color has-text-color has-background has-link-color has-medium-font-size has-custom-font-size wp-element-button\" style=\"border-width:4px;border-radius:0px;padding-top:var(--wp--preset--spacing--20);padding-right:var(--wp--preset--spacing--20);padding-bottom:var(--wp--preset--spacing--20);padding-left:var(--wp--preset--spacing--20);font-style:normal;font-weight:400\">Gaswerk Weimar e.V.<\/a><\/div>\n\n\n\n<div class=\"wp-block-button\"><a class=\"wp-block-button__link has-contrast-color has-base-background-color has-text-color has-background has-link-color has-medium-font-size has-custom-font-size wp-element-button\" style=\"border-width:4px;border-radius:0px;padding-top:var(--wp--preset--spacing--20);padding-right:var(--wp--preset--spacing--20);padding-bottom:var(--wp--preset--spacing--20);padding-left:var(--wp--preset--spacing--20);font-style:normal;font-weight:400\">Crossroads Jena e.V.<\/a><\/div>\n\n\n\n<div class=\"wp-block-button\"><a class=\"wp-block-button__link has-contrast-color has-base-background-color has-text-color has-background has-link-color has-medium-font-size has-custom-font-size wp-element-button\" style=\"border-width:4px;border-radius:0px;padding-top:var(--wp--preset--spacing--20);padding-right:var(--wp--preset--spacing--20);padding-bottom:var(--wp--preset--spacing--20);padding-left:var(--wp--preset--spacing--20);font-style:normal;font-weight:400\">Roll.Laden e.V.<\/a><\/div>\n\n\n\n<div class=\"wp-block-button\"><a class=\"wp-block-button__link has-contrast-color has-base-background-color has-text-color has-background has-link-color has-medium-font-size has-custom-font-size wp-element-button\" style=\"border-width:4px;border-radius:0px;padding-top:var(--wp--preset--spacing--20);padding-right:var(--wp--preset--spacing--20);padding-bottom:var(--wp--preset--spacing--20);padding-left:var(--wp--preset--spacing--20);font-style:normal;font-weight:400\">skatedeluxe<\/a><\/div>\n\n\n\n<div class=\"wp-block-button\"><a class=\"wp-block-button__link has-contrast-color has-base-background-color has-text-color has-background has-link-color has-medium-font-size has-custom-font-size wp-element-button\" style=\"border-width:4px;border-radius:0px;padding-top:var(--wp--preset--spacing--20);padding-right:var(--wp--preset--spacing--20);padding-bottom:var(--wp--preset--spacing--20);padding-left:var(--wp--preset--spacing--20);font-style:normal;font-weight:400\">Stadt- und Landessportbund<\/a><\/div>\n\n\n\n<div class=\"wp-block-button\"><a class=\"wp-block-button__link has-contrast-color has-base-background-color has-text-color has-background has-link-color has-medium-font-size has-custom-font-size wp-element-button\" style=\"border-width:4px;border-radius:0px;padding-top:var(--wp--preset--spacing--20);padding-right:var(--wp--preset--spacing--20);padding-bottom:var(--wp--preset--spacing--20);padding-left:var(--wp--preset--spacing--20);font-style:normal;font-weight:400\">congrav new sports e.V.<\/a><\/div>\n\n\n\n<div class=\"wp-block-button\"><a class=\"wp-block-button__link has-contrast-color has-base-background-color has-text-color has-background has-link-color has-medium-font-size has-custom-font-size wp-element-button\" style=\"border-width:4px;border-radius:0px;padding-top:var(--wp--preset--spacing--20);padding-right:var(--wp--preset--spacing--20);padding-bottom:var(--wp--preset--spacing--20);padding-left:var(--wp--preset--spacing--20);font-style:normal;font-weight:400\">Stadtsportbund Weimar e.V.<\/a><\/div>\n\n\n\n<div class=\"wp-block-button\"><a class=\"wp-block-button__link has-contrast-color has-base-background-color has-text-color has-background has-link-color has-medium-font-size has-custom-font-size wp-element-button\" style=\"border-width:4px;border-radius:0px;padding-top:var(--wp--preset--spacing--20);padding-right:var(--wp--preset--spacing--20);padding-bottom:var(--wp--preset--spacing--20);padding-left:var(--wp--preset--spacing--20);font-style:normal;font-weight:400\">Kinder- und Jugendbeauftragte der Stadt Weimar<\/a><\/div>\n\n\n\n<div class=\"wp-block-button\"><a class=\"wp-block-button__link has-contrast-color has-base-background-color has-text-color has-background has-link-color has-medium-font-size has-custom-font-size wp-element-button\" style=\"border-width:4px;border-radius:0px;padding-top:var(--wp--preset--spacing--20);padding-right:var(--wp--preset--spacing--20);padding-bottom:var(--wp--preset--spacing--20);padding-left:var(--wp--preset--spacing--20);font-style:normal;font-weight:400\">\u00ad\u00adRote So\u00dfe<\/a><\/div>\n\n\n\n<div class=\"wp-block-button\"><a class=\"wp-block-button__link has-contrast-color has-base-background-color has-text-color has-background has-link-color has-medium-font-size has-custom-font-size wp-element-button\" style=\"border-width:4px;border-radius:0px;padding-top:var(--wp--preset--spacing--20);padding-right:var(--wp--preset--spacing--20);padding-bottom:var(--wp--preset--spacing--20);padding-left:var(--wp--preset--spacing--20);font-style:normal;font-weight:400\">\u00ad\u00adGruppe Versus<\/a><\/div>\n\n\n\n<div class=\"wp-block-button\"><a class=\"wp-block-button__link has-contrast-color has-base-background-color has-text-color has-background has-link-color has-medium-font-size has-custom-font-size wp-element-button\" style=\"border-width:4px;border-radius:0px;padding-top:var(--wp--preset--spacing--20);padding-right:var(--wp--preset--spacing--20);padding-bottom:var(--wp--preset--spacing--20);padding-left:var(--wp--preset--spacing--20);font-style:normal;font-weight:400\">B\u00fcrgerstiftung Weimar<\/a><\/div>\n\n\n\n<div class=\"wp-block-button\"><a class=\"wp-block-button__link has-contrast-color has-base-background-color has-text-color has-background has-link-color has-medium-font-size has-custom-font-size wp-element-button\" style=\"border-width:4px;border-radius:0px;padding-top:var(--wp--preset--spacing--20);padding-right:var(--wp--preset--spacing--20);padding-bottom:var(--wp--preset--spacing--20);padding-left:var(--wp--preset--spacing--20);font-style:normal;font-weight:400\">Klassik Stiftung Weimar<\/a><\/div>\n\n\n\n<div class=\"wp-block-button\"><a class=\"wp-block-button__link has-contrast-color has-base-background-color has-text-color has-background has-link-color has-medium-font-size has-custom-font-size wp-element-button\" style=\"border-width:4px;border-radius:0px;padding-top:var(--wp--preset--spacing--20);padding-right:var(--wp--preset--spacing--20);padding-bottom:var(--wp--preset--spacing--20);padding-left:var(--wp--preset--spacing--20);font-style:normal;font-weight:400\">Lichthaus Kino Weimar<\/a><\/div>\n\n\n\n<div class=\"wp-block-button\"><a class=\"wp-block-button__link has-contrast-color has-base-background-color has-text-color has-background has-link-color has-medium-font-size has-custom-font-size wp-element-button\" style=\"border-width:4px;border-radius:0px;padding-top:var(--wp--preset--spacing--20);padding-right:var(--wp--preset--spacing--20);padding-bottom:var(--wp--preset--spacing--20);padding-left:var(--wp--preset--spacing--20);font-style:normal;font-weight:400\">\u00ad\u00adBauhaus-Universit\u00e4t Weimar<\/a><\/div>\n\n\n\n<div class=\"wp-block-button\"><a class=\"wp-block-button__link has-contrast-color has-base-background-color has-text-color has-background has-link-color has-medium-font-size has-custom-font-size wp-element-button\" style=\"border-width:4px;border-radius:0px;padding-top:var(--wp--preset--spacing--20);padding-right:var(--wp--preset--spacing--20);padding-bottom:var(--wp--preset--spacing--20);padding-left:var(--wp--preset--spacing--20);font-style:normal;font-weight:400\">\u00ad\u00adGold statt Braun Weimar<\/a><\/div>\n\n\n\n<div class=\"wp-block-button\"><a class=\"wp-block-button__link has-contrast-color has-base-background-color has-text-color has-background has-link-color has-medium-font-size has-custom-font-size wp-element-button\" style=\"border-width:4px;border-radius:0px;padding-top:var(--wp--preset--spacing--20);padding-right:var(--wp--preset--spacing--20);padding-bottom:var(--wp--preset--spacing--20);padding-left:var(--wp--preset--spacing--20);font-style:normal;font-weight:400\">Haus f\u00fcr Soziokultur, Gerberstra\u00dfe 3 e.V.<\/a><\/div>\n\n\n\n<div class=\"wp-block-button\"><a class=\"wp-block-button__link has-contrast-color has-base-background-color has-text-color has-background has-link-color has-medium-font-size has-custom-font-size wp-element-button\" style=\"border-width:4px;border-radius:0px;padding-top:var(--wp--preset--spacing--20);padding-right:var(--wp--preset--spacing--20);padding-bottom:var(--wp--preset--spacing--20);padding-left:var(--wp--preset--spacing--20);font-style:normal;font-weight:400\">Stadt Weimar &#8211; AG SpielRaum<\/a><\/div>\n<\/div>\n\n\n\n<p>\u00ad<\/p>\n<\/div>\n","protected":false},"excerpt":{"rendered":"<p>Mit unseren Veranstaltungen m\u00f6chten wir den Menschen in Weimar zeigen, dass Subkulturen kein St\u00f6rfaktor sind, sondern eine kulturelle Bereicherung. Unsere Angebote sind ein facettenreicher und nicht-institutioneller Ort&nbsp; f\u00fcr ein gelebtes, tolerantes Miteinander und Partizipation. Diese Werte tragen wir mit unserem ehrenamtlichen Engagement in den \u00f6ffentlichen Raum. Zu den Aktivit\u00e4ten des Vereins geh\u00f6ren zum Beispiel: Zu [&hellip;]<\/p>\n","protected":false},"author":1,"featured_media":355,"parent":0,"menu_order":0,"comment_status":"closed","ping_status":"open","template":"page-no-title","meta":{"footnotes":""},"class_list":["post-2","page","type-page","status-publish","has-post-thumbnail","hentry"],"_links":{"self":[{"href":"https:\/\/brettern.org\/wordpress\/wp-json\/wp\/v2\/pages\/2","targetHints":{"allow":["GET"]}}],"collection":[{"href":"https:\/\/brettern.org\/wordpress\/wp-json\/wp\/v2\/pages"}],"about":[{"href":"https:\/\/brettern.org\/wordpress\/wp-json\/wp\/v2\/types\/page"}],"author":[{"embeddable":true,"href":"https:\/\/brettern.org\/wordpress\/wp-json\/wp\/v2\/users\/1"}],"replies":[{"embeddable":true,"href":"https:\/\/brettern.org\/wordpress\/wp-json\/wp\/v2\/comments?post=2"}],"version-history":[{"count":35,"href":"https:\/\/brettern.org\/wordpress\/wp-json\/wp\/v2\/pages\/2\/revisions"}],"predecessor-version":[{"id":1116,"href":"https:\/\/brettern.org\/wordpress\/wp-json\/wp\/v2\/pages\/2\/revisions\/1116"}],"wp:featuredmedia":[{"embeddable":true,"href":"https:\/\/brettern.org\/wordpress\/wp-json\/wp\/v2\/media\/355"}],"wp:attachment":[{"href":"https:\/\/brettern.org\/wordpress\/wp-json\/wp\/v2\/media?parent=2"}],"curies":[{"name":"wp","href":"https:\/\/api.w.org\/{rel}","templated":true}]}}